{"id":1794,"date":"2018-03-16T14:22:31","date_gmt":"2018-03-16T13:22:31","guid":{"rendered":"https:\/\/www.weingutglatzer.at\/?page_id=1794"},"modified":"2026-03-26T16:00:19","modified_gmt":"2026-03-26T15:00:19","slug":"news-2","status":"publish","type":"page","link":"https:\/\/www.weingutglatzer.at\/de\/news-2\/","title":{"rendered":"News"},"content":{"rendered":"<p>&nbsp;<\/p>\n<p style=\"font-weight: 400\">Am 11. &amp; 12. April 2025 laden wir, die Winzer G\u00f6ttlesbrunn, wieder zum allj\u00e4hrlichen Jungweinschnuppern ein.<\/p>\n<p style=\"font-weight: 400\">Starten Sie Ihren individuellen Rundgang in einem der teilnehmenden Winzerbetriebe und genie\u00dfen Sie das aktuelle Sortiment in wunderbarer Atmosph\u00e4re.<\/p>\n<p style=\"font-weight: 400\">Die Betriebe, Weinkeller und Pr\u00e4sentationsr\u00e4ume haben am Samstag, 11.04.25 von 13.00 bis 20.00 Uhr und am Sonntag, 12.04.25 von 13.00 bis 18.00 Uhr ge\u00f6ffnet &#8211; Abendevents laden zum gem\u00fctlichen Ausklang.<\/p>\n<p style=\"font-weight: 400\">Ein einmaliger Spesenbeitrag in der H\u00f6he von \u20ac 35,- pro Person gilt f\u00fcr beide Tage und den gesamten Rundgang. (Vorverkauf 30\u20ac)<\/p>\n<p style=\"font-weight: 400\">Infos zu Gastronomie und Heurigen, \u00dcbernachtungsm\u00f6glichkeiten, Highlights am Abend, Gewinnspiel, gratis Shuttlebus, Taxis, usw. finden Sie unter <a href=\"https:\/\/www.diewinzergoettlesbrunn.com\/jws\">www.goettlesbrunn-arbesthal.gv.at\/Jungweinschnuppern_1ng.at<\/a><\/p>\n<p>[\/vc_column_text][vc_empty_space hide_on_mobile=&#8220;&#8220;][vc_separator][vc_empty_space hide_on_mobile=&#8220;&#8220;][\/vc_column][\/vc_row][vc_row][vc_column][vc_single_image image=&#8220;11908&#8243; img_size=&#8220;full&#8220; alignment=&#8220;center&#8220; onclick=&#8220;custom_link&#8220; img_link_target=&#8220;_blank&#8220; css_animation=&#8220;zoomInDown&#8220; title=&#8220;BERUFUNG auf UMWEGEN&#8220; link=&#8220;https:\/\/www.trend.at\/gourmet\/hanna-glatzer&#8220;][vc_empty_space height=&#8220;64px&#8220; hide_on_mobile=&#8220;&#8220;][vc_column_text]<\/p>\n<h3>Wenn man Winzer(in) wird, hat man was zu erz\u00e4hlen &#8230;<\/h3>\n<p>Wie Hanna zur Winzerin wurde, hat sie in einem Interview verraten. Wir freuen uns \u00fcber den tollen Artikel im trend.<\/p>\n<p><a href=\"https:\/\/www.trend.at\/gourmet\/hanna-glatzer\">Hier klicken und den ganzen Artikel lesen<\/a>.<\/p>\n<p>[\/vc_column_text][vc_empty_space hide_on_mobile=&#8220;&#8220;][vc_separator][vc_empty_space hide_on_mobile=&#8220;&#8220;][\/vc_column][\/vc_row][vc_row][vc_column][vc_single_image image=&#8220;11442&#8243; img_size=&#8220;full&#8220; alignment=&#8220;center&#8220; onclick=&#8220;custom_link&#8220; img_link_target=&#8220;_blank&#8220; css_animation=&#8220;zoomInDown&#8220; title=&#8220;GANS sch\u00f6n gut!&#8220; link=&#8220;https:\/\/www.leopoldigang.at\/index.php&#8220;][vc_empty_space height=&#8220;64px&#8220; hide_on_mobile=&#8220;&#8220;][vc_column_text]<strong>Mit diesem Rezept gelingt die perfekte Festtagsgans!<\/strong><\/p>\n<p>ZUTATEN (f\u00fcr 6 Personen)<\/p>\n<pre>1 St\u00fcck regionale Gans vom Bauern des Vertrauens (ca 4 kg)\r\n3 -4 TL Salz\r\nPfeffer von der M\u00fchle nach Bedarf\r\n1 EL Majoran\r\n1 EL Thymian\r\n2 \u00c4pfel s\u00e4uerlich<\/pre>\n<p>Semmelf\u00fclle:<\/p>\n<pre>3 Semmeln oder Wei\u00dfgeb\u00e4ck vom Vortag\r\n3 Eier\r\nHalbe Zwiebel\r\nEtwas Butter\r\nEtwas Milch\r\nPetersilie\r\nSalz, Pfeffer, Muskatnuss\r\nSemmelbr\u00f6sel\r\nevent. vorgegarte Maroni<\/pre>\n<p>ZUBEREITUNG SEMMELF\u00dcLLE:<\/p>\n<ol>\n<li>Semmeln in Wasser \u2013 Milchgemisch einweichen dann ausdr\u00fccken und in eine Sch\u00fcssel geben.<\/li>\n<li>Zwiebel klein schneiden in Butter goldgelb anr\u00f6sten, gehackte Petersilie dazu und alles mit den Gew\u00fcrzen zu den Semmeln geben.<\/li>\n<li>Jetzt noch die Eier unterkneten.<\/li>\n<li>Zur Bindung Semmelbr\u00f6seln in die Masse geben, etwas ziehen lassen . Wenn die Masse sch\u00f6n kompakt ist in die Gans einf\u00fcllen.<\/li>\n<li>Man kann auch vorgegarte Maronist\u00fccke in die F\u00fclle einarbeiten.<\/li>\n<\/ol>\n<p>ZUBEREITUNG GANS:<\/p>\n<ol>\n<li>Die Gans innen und au\u00dfen gut waschen und trocken tupfen.<\/li>\n<li>Nun die Gans innen und au\u00dfen mit Salz, Pfeffer und Majoran und Thymian gut einreiben.<\/li>\n<li>Die Semmelf\u00fclle in die Gans stopfen.<\/li>\n<li>Jetzt die Gans mit der Brust nach unten auf ein tiefes Backblech legen und etwas klare Suppe dazu gie\u00dfen.<\/li>\n<li>Im vorgeheizten Backrohr bei ca. 200 Grad 45 min braten. Danach die Temperatur zur\u00fcckdrehen auf 170 Grad und ca . 3- 4 Stunden garen W\u00e4hrend des Garen immer wieder die Gans mit dem Bratensaft \u00fcbergie\u00dfen und \u00f6fters mit der Gabel einstechen, damit das Fett ausbraten kann. In der Halbzeit wende ich die Gans einmal. 1 Stunde vor Ende gebe ich die \u00c4pfel auf das Blech drauf.<\/li>\n<li>In der letzten halben Stunde erh\u00f6he ich noch einmal die Temperatur damit die Gans knusprig wird.<\/li>\n<\/ol>\n<p>Dazu passt Rotkraut, ein w\u00fcrzige Rot- oder gehaltvolle Wei\u00dfweine![\/vc_column_text][vc_empty_space hide_on_mobile=&#8220;&#8220;][vc_separator][vc_empty_space hide_on_mobile=&#8220;&#8220;][\/vc_column][\/vc_row][vc_row][vc_column][vc_single_image image=&#8220;9444&#8243; img_size=&#8220;full&#8220; alignment=&#8220;center&#8220; onclick=&#8220;custom_link&#8220; img_link_target=&#8220;_blank&#8220; css_animation=&#8220;zoomInDown&#8220; title=&#8220;Gr\u00fcner geht immer: jetzt \u00d6KO-Strom tanken!&#8220;][vc_empty_space height=&#8220;64px&#8220; hide_on_mobile=&#8220;&#8220;][vc_column_text]<strong>Wir &#8222;tanken&#8220; Ihnen!<\/strong><\/p>\n<p>Alle Kunden, die uns mit ihren E-Autos am Weingut besuchen kommen, k\u00f6nnen ab jetzt auch bei uns tanken &#8211; und ab einen Einkaufwert von EUR 50,- sogar kostenlos. Bis bald am Weingut![\/vc_column_text][vc_empty_space hide_on_mobile=&#8220;&#8220;][vc_separator][vc_empty_space hide_on_mobile=&#8220;&#8220;][\/vc_column][\/vc_row][vc_row][vc_column][vc_single_image image=&#8220;11833&#8243; img_size=&#8220;full&#8220; alignment=&#8220;center&#8220; onclick=&#8220;custom_link&#8220; img_link_target=&#8220;_blank&#8220; css_animation=&#8220;zoomInDown&#8220; title=&#8220;Fr\u00fchlingsgef\u00fchle&#8220; link=&#8220;https:\/\/www.vievinum.at\/&#8220;][vc_empty_space height=&#8220;64px&#8220; hide_on_mobile=&#8220;&#8220;][vc_column_text]<\/p>\n<h3>Voller Vorfreunde &#8230;<\/h3>\n<p>Der Fr\u00fchling zeigt sich in seiner ganzen Pracht und h\u00fcllt die sanften Weinh\u00fcgel unseres Weinguts in G\u00f6ttlesbrunn in ein saftiges Gr\u00fcn. Das pannonische Klima in Carnuntum sorgt f\u00fcr ideale Bedingungen f\u00fcr den Austrieb der Reben, die bereits jetzt ihre zarten Triebe in die Sonne strecken.<\/p>\n<p>In den n\u00e4chsten Wochen und Monaten werden die Reben weiter wachsen und gedeihen, bis sie im Herbst schlie\u00dflich die ersehnte Traubenfrucht tragen. Bis dahin gilt es, die Reben wie jedes Jahr sorgf\u00e4ltig zu pflegen und zu hegen, damit sie ihr volles Potenzial entfalten k\u00f6nnen.<\/p>\n<p>Um mit aller Vorfreude auf den Jahrgang 2024 zu warten, lasst doch mit der Vielfalt der aktuellen Jahrg\u00e4nge ein St\u00fcck Fr\u00fchling in eurem Glas spie\u00dfen und besucht uns auf unserem Weingut oder im Webshop.<\/p>\n<p>Wir vom Weingut Glatzer freuen uns auf ein weiteres Jahr mit gesunden, dem Frost strotzenden und ertragreichen Reben und laden euch ein, uns auf unserer Reise durch den Weinkalender zu begleiten.[\/vc_column_text][vc_empty_space hide_on_mobile=&#8220;&#8220;][vc_separator][vc_empty_space hide_on_mobile=&#8220;&#8220;][\/vc_column][\/vc_row][vc_row][vc_column][vc_single_image image=&#8220;11824&#8243; img_size=&#8220;full&#8220; alignment=&#8220;center&#8220; onclick=&#8220;custom_link&#8220; img_link_target=&#8220;_blank&#8220; css_animation=&#8220;zoomInDown&#8220; title=&#8220;VieVienum&#8220; link=&#8220;https:\/\/www.vievinum.at\/&#8220;][vc_empty_space height=&#8220;64px&#8220; hide_on_mobile=&#8220;&#8220;][vc_column_text]<\/p>\n<h3>\u00d6STERREICHS INTERNATIONALES WEINFESTIVAL STEHT VOR DER T\u00dcR!<\/h3>\n<p>Mit der VieVinum sendet \u00d6sterreich alle zwei Jahre ein kr\u00e4ftiges Wein-Zeichen in die Welt. Von 25. bis 27. Mai 2024 hei\u00dft es in der HOFBURG Vienna wieder B\u00fchne frei f\u00fcr die besten Winzerinnen und Winzer des Landes. Kaum eine Veranstaltung hat den rasanten Aufstieg der \u00f6sterreichischen Weinwirtschaft so sichtbar gemacht wie die VieVinum. Seit dem Jahr 1998 dokumentiert \u00d6sterreichs internationales Weinfestival im Zweijahresrhythmus die Karrieren der \u00f6sterreichischen Winzer. Und wir sind dieses Jahr wieder dabei!<\/p>\n<p>Wir freuen uns auf euren Besuch![\/vc_column_text][vc_empty_space hide_on_mobile=&#8220;&#8220;][vc_separator][vc_empty_space hide_on_mobile=&#8220;&#8220;][\/vc_column][\/vc_row][vc_row][vc_column][vc_single_image image=&#8220;11725&#8243; img_size=&#8220;full&#8220; alignment=&#8220;center&#8220; onclick=&#8220;custom_link&#8220; img_link_target=&#8220;_blank&#8220; css_animation=&#8220;zoomInDown&#8220; title=&#8220;Es darf wieder geschnuppert werden!&#8220; link=&#8220;https:\/\/jungweinschnuppern.at\/&#8220;][vc_empty_space height=&#8220;64px&#8220; hide_on_mobile=&#8220;&#8220;][vc_column_text]<\/p>\n<h3><strong>Was ist los in G\u00f6ttlesbrunn?<\/strong><\/h3>\n<p>Am 6. und 7. April 2024 ist es wieder soweit &#8211; die Winzer G\u00f6ttlesbrunn pr\u00e4sentieren beim allj\u00e4hrlichen Jungweinschnuppern ihre neuen Jahrg\u00e4nge.<\/p>\n<p>Kostbeitrag: \u20ac 30,-\/pro Person (direkt bei allen teilnehmenden Weing\u00fctern zu entrichten)<\/p>\n<p>HIghlights:<\/p>\n<ul>\n<li>FEST&amp;GRILL by Adi Bittermann: Samstag, 6. April von 18:00 bis 24:00 Uhr<\/li>\n<li>Schlussverlosung im Gasthaus &#8222;Der jungWIRT&#8220;: Sonntag, 7. April 2024, 18:30 Uhr<\/li>\n<\/ul>\n<p>Weitere Informationen findet ihr <a href=\"https:\/\/jungweinschnuppern.at\/\">hier<\/a><\/p>\n<p>Wir freuen uns auf euren Besuch![\/vc_column_text][vc_empty_space hide_on_mobile=&#8220;&#8220;][vc_separator][vc_empty_space hide_on_mobile=&#8220;&#8220;][\/vc_column][\/vc_row][vc_row][vc_column][vc_single_image image=&#8220;11416&#8243; img_size=&#8220;full&#8220; alignment=&#8220;center&#8220; onclick=&#8220;custom_link&#8220; img_link_target=&#8220;_blank&#8220; css_animation=&#8220;zoomInDown&#8220; title=&#8220;N\u00e4chster Gang: Leopoldigang!&#8220; link=&#8220;https:\/\/www.leopoldigang.at\/index.php&#8220;][vc_empty_space height=&#8220;64px&#8220; hide_on_mobile=&#8220;&#8220;][vc_column_text]<strong>Alle Jahre wieder &#8230;<\/strong><\/p>\n<p>Keine Angst, noch ist ein bisserl Zeit bis Weihnachten &#8230; aber auch dieses Jahr l\u00e4dt die Winzerschaft in und um G\u00f6ttlesbrunn zum traditionellen Leopoldigang, um ihren vinophilen G\u00e4sten die besten Weine zu pr\u00e4sentieren.<\/p>\n<p>F\u00fcr den einmaligen Spesenersatz von \u20ac 30,- pro Person kann man sich am 18.\/19. November 2023 durch alle teilnehmenden Betriebe durchkosten. Die Ticktes k\u00f6nnen beim Startpunkt &#8222;<b>DER jungWIRT<\/b>&#8220; oder &#8222;<b>Bittermann<\/b>&#8220; sowie direkt bei den Weing\u00fctern erworben werden.<\/p>\n<p>Weitere Informationen gibt&#8217;s <a href=\"https:\/\/www.leopoldigang.at\/index.php\">hier<\/a><\/p>\n<p>Wir freuen uns auf euer Kommen![\/vc_column_text][vc_empty_space hide_on_mobile=&#8220;&#8220;][vc_separator][vc_empty_space hide_on_mobile=&#8220;&#8220;][\/vc_column][\/vc_row][vc_row][vc_column][vc_single_image image=&#8220;10255&#8243; img_size=&#8220;full&#8220; alignment=&#8220;center&#8220; onclick=&#8220;custom_link&#8220; img_link_target=&#8220;_blank&#8220; css_animation=&#8220;zoomInDown&#8220; title=&#8220;ERNTE-BERICHT| Walter informiert euch hier in einem kurzen Video&#8220; link=&#8220;https:\/\/www.weingutglatzer.at\/wp-content\/uploads\/2022\/11\/Walters_Erntebericht.mp4&#8243;][vc_empty_space height=&#8220;64px&#8220; hide_on_mobile=&#8220;&#8220;][vc_column_text]<strong>Die tolle Ernte verspricht gro\u00dfartige Weine!<\/strong><\/p>\n<p>Die wichtigsten Eckpunkte der diesj\u00e4hrigen Ernte haben wir f\u00fcr euch hier in einem kurzen Video zusammengefasst.<\/p>\n<p>F\u00fcr unser Video klickt <a href=\"https:\/\/www.weingutglatzer.at\/wp-content\/uploads\/2022\/11\/Walters_Erntebericht.mp4\">hier<\/a>[\/vc_column_text][vc_empty_space hide_on_mobile=&#8220;&#8220;][vc_separator][vc_empty_space hide_on_mobile=&#8220;&#8220;][\/vc_column][\/vc_row][vc_row][vc_column][vc_single_image image=&#8220;10075&#8243; img_size=&#8220;full&#8220; alignment=&#8220;center&#8220; onclick=&#8220;custom_link&#8220; img_link_target=&#8220;_blank&#8220; css_animation=&#8220;zoomInDown&#8220; title=&#8220;LEOPOLDIGANG| 19.\/20. November&#8220; link=&#8220;https:\/\/leopoldigang.at\/index.php&#8220;][vc_empty_space height=&#8220;64px&#8220; hide_on_mobile=&#8220;&#8220;][vc_column_text]<strong>G\u00f6ttlesbrunner Leopoldigang!<\/strong><\/p>\n<p>Am Samstag, den 19. November 2022 (von 13:00 \u2013 20:00 Uhr) und am Sonntag, den 20. November 2022 (von 12:00 \u2013 18:00 Uhr) laden wir, die G\u00d6TTLESBRUNNER WINZER, wieder zum Leopoldigang ein. Der einmalige Spesenbeitrag von EUR 30,- gilt f\u00fcr beide Tage, an denen ihr alle Weing\u00fcter besuchen und verkosten k\u00f6nnt.<\/p>\n<p>Mehr Informationen sind auf <a href=\"https:\/\/leopoldigang.at\/index.php\">leopoldigang.at<\/a> zu finden.[\/vc_column_text][vc_empty_space hide_on_mobile=&#8220;&#8220;][vc_separator][vc_empty_space hide_on_mobile=&#8220;&#8220;][\/vc_column][\/vc_row][vc_row][vc_column][vc_single_image image=&#8220;9524&#8243; img_size=&#8220;full&#8220; alignment=&#8220;center&#8220; onclick=&#8220;custom_link&#8220; img_link_target=&#8220;_blank&#8220; css_animation=&#8220;zoomInDown&#8220; title=&#8220;GRAPES, SAX &amp; BLUNZN | 4. Juni 2022 ab 16h&#8220; link=&#8220;https:\/\/www.oeticket.com\/eventseries\/grapes-sax-blunzn-3124559\/?affiliate=B38&#8243;][vc_empty_space height=&#8220;64px&#8220; hide_on_mobile=&#8220;&#8220;][vc_column_text]<strong>Summer Vibes in Carnuntum!<\/strong><\/p>\n<p>Bei Grapes, Sax und Blunzn hei\u00dft es endlich wieder: Sonnenstrahlen genie\u00dfen, Wein verkosten und tanzen!<\/p>\n<p>Kr\u00e4ftige Sounds, herzhafte Kulinak und das Beste was die ortsans\u00e4ssigen Winzerinnen und Winzer an Wein zu bieten haben.<\/p>\n<p>Die Tickets kosten \u20ac 19,- (exkl. Speisen und Getr\u00e4nke) und sind im Vorverkauf bei <a href=\"https:\/\/www.oeticket.com\/eventseries\/grapes-sax-blunzn-3124559\/?affiliate=B38\">OETICKET.com <\/a>erh\u00e4ltlich.[\/vc_column_text][vc_empty_space hide_on_mobile=&#8220;&#8220;][vc_separator][vc_empty_space hide_on_mobile=&#8220;&#8220;][\/vc_column][\/vc_row][vc_row][vc_column][vc_single_image image=&#8220;9448&#8243; img_size=&#8220;full&#8220; alignment=&#8220;center&#8220; onclick=&#8220;custom_link&#8220; img_link_target=&#8220;_blank&#8220; css_animation=&#8220;zoomInDown&#8220; title=&#8220;Tour de Vin | 30. April und 1. Mai&#8220; link=&#8220;https:\/\/www.weingut-hirsch.at\/&#8220;][vc_empty_space height=&#8220;64px&#8220; hide_on_mobile=&#8220;&#8220;][vc_column_text]Im Rahmen der Tour de Vin (30.4. und 1.5.) sind wir Gastwinzer beim Weingut Hirsch! Wir freuen uns auf eine spannende Verkostung im Kamptal![\/vc_column_text][vc_empty_space hide_on_mobile=&#8220;&#8220;][vc_separator][vc_empty_space hide_on_mobile=&#8220;&#8220;][\/vc_column][\/vc_row][vc_row][vc_column][vc_single_image image=&#8220;9425&#8243; img_size=&#8220;full&#8220; alignment=&#8220;center&#8220; onclick=&#8220;custom_link&#8220; img_link_target=&#8220;_blank&#8220; css_animation=&#8220;zoomInDown&#8220; title=&#8220;Es darf wieder geschnuppert werden &#8230;&#8220; link=&#8220;https:\/\/jungweinschnuppern.at\/&#8220;][vc_empty_space height=&#8220;64px&#8220; hide_on_mobile=&#8220;&#8220;][vc_column_text]Am 23. und 24. April 2022 d\u00fcrfen die jungen und alten Hasen wieder live zum Jungweinschnuppern kommen.<\/p>\n<p>Informationen zur Veranstaltung findet ihr unter <a href=\"https:\/\/jungweinschnuppern.at\/\">jungweinschnuppern.at.<\/a>[\/vc_column_text][vc_empty_space hide_on_mobile=&#8220;&#8220;][vc_separator][vc_empty_space hide_on_mobile=&#8220;&#8220;][\/vc_column][\/vc_row][vc_row][vc_column][vc_single_image image=&#8220;8825&#8243; img_size=&#8220;full&#8220; alignment=&#8220;center&#8220; onclick=&#8220;custom_link&#8220; img_link_target=&#8220;_blank&#8220; css_animation=&#8220;zoomInDown&#8220; title=&#8220;So sehen Sieger aus &#8230;&#8220;][vc_empty_space height=&#8220;64px&#8220; hide_on_mobile=&#8220;&#8220;][vc_column_text]Wir freuen uns \u00fcber die aktuelle Auszeichnung im A la Carte-Magazin! Aus den zwei Siegerweinen haben gleich ein attraktives Package geschn\u00fcrt, das es <a href=\"https:\/\/www.weingutglatzer.at\/de\/produkt\/a-la-carte-siegerpaket\/\">hier im Shop<\/a> zu kaufen gibt.<\/p>\n<figure id=\"attachment_8827\" aria-describedby=\"caption-attachment-8827\" style=\"width: 300px\" class=\"wp-caption alignnone\"><img loading=\"lazy\" decoding=\"async\" class=\"size-medium wp-image-8827\" src=\"https:\/\/www.weingutglatzer.at\/wp-content\/uploads\/2021\/12\/A-la-Carte-Auszeichnung-300x300.png\" alt=\"A la Carte Auszeichnung\" width=\"300\" height=\"300\" srcset=\"https:\/\/www.weingutglatzer.at\/wp-content\/uploads\/2021\/12\/A-la-Carte-Auszeichnung-300x300.png 300w, https:\/\/www.weingutglatzer.at\/wp-content\/uploads\/2021\/12\/A-la-Carte-Auszeichnung-150x150.png 150w, https:\/\/www.weingutglatzer.at\/wp-content\/uploads\/2021\/12\/A-la-Carte-Auszeichnung-75x75.png 75w, https:\/\/www.weingutglatzer.at\/wp-content\/uploads\/2021\/12\/A-la-Carte-Auszeichnung-100x100.png 100w, https:\/\/www.weingutglatzer.at\/wp-content\/uploads\/2021\/12\/A-la-Carte-Auszeichnung.png 337w\" sizes=\"auto, (max-width: 300px) 100vw, 300px\" \/><figcaption id=\"caption-attachment-8827\" class=\"wp-caption-text\">A la Carte Auszeichnung<\/figcaption><\/figure>\n<p>[\/vc_column_text][vc_empty_space hide_on_mobile=&#8220;&#8220;][vc_separator][vc_empty_space hide_on_mobile=&#8220;&#8220;][\/vc_column][\/vc_row][vc_row][vc_column][vc_single_image image=&#8220;8427&#8243; img_size=&#8220;full&#8220; alignment=&#8220;center&#8220; onclick=&#8220;custom_link&#8220; img_link_target=&#8220;_blank&#8220; css_animation=&#8220;zoomInDown&#8220; title=&#8220;Werden Sie Teil unseres Sonnenstrom-Projektes!&#8220; link=&#8220;https:\/\/korkenkollektiv.at\/produkt-kategorie\/weingut-glatzer\/&#8220;][vc_empty_space height=&#8220;64px&#8220; hide_on_mobile=&#8220;&#8220;][vc_column_text]Ein aktuell erschienener Bericht des britischen <a href=\"https:\/\/carbontracker.org\/reports\/the-skys-the-limit-solar-wind\/\">ThinkTanks Carbon Tracker<\/a> macht deutlich, dass wir den weltweiten Energiebedarf auch ohne Kohle und Co. decken k\u00f6nnen. Laut dem Bericht k\u00f6nnte <strong>der weltweite Energiebedarf hundertmal nur durch Windkraft-und Solaranlagen bedient werden<\/strong>. Dazu m\u00fcssen wir allerdings den Bau von Photovoltaik, Windparks und Energiespeichern vorantreiben.<\/p>\n<p>Um unsere Zukunft und die nachfolgender Generationen zu sch\u00fctzen, wollen wir zur nachhaltigen Entwicklung in G\u00f6ttelsbrunn beitragen und unser Weingut noch nachhaltiger gestalten. Wir planen daher den Bau einer 25 kWp-Photovoltaikanlage am Weingut, um zuk\u00fcnftig nachhaltigen Strom aus der Kraft der Sonne f\u00fcr unsere Produktion zu beziehen. J\u00e4hrlich wird diese Photovoltaikanlage pro Jahr mindestens 25.000 kWh Sonnenstrom erzeugen und so den Aussto\u00df von sch\u00e4dlichem CO2 um mindestens 7 Tonnen im Jahr reduzieren.<\/p>\n<p><strong>Werden Sie Teil unseres Sonnenstrom-Projektes<\/strong> und bestellen Sie jetzt eines der exklusiven und limitierten Weinpakete zu einmaligen Vorteilspreisen. Unterst\u00fctzen Sie mit uns den Ausbau von erneuerbaren Energien f\u00fcr eine enkelf\u00e4hige Zukunft!<\/p>\n<p>Hier geht&#8217;s zum <a href=\"https:\/\/korkenkollektiv.at\/produkt-kategorie\/weingut-glatzer\/\">Korkenkollektiv-Shop<\/a>[\/vc_column_text][vc_empty_space hide_on_mobile=&#8220;&#8220;][vc_separator][vc_empty_space hide_on_mobile=&#8220;&#8220;][\/vc_column][\/vc_row][vc_row][vc_column][vc_single_image image=&#8220;8290&#8243; img_size=&#8220;full&#8220; alignment=&#8220;center&#8220; onclick=&#8220;custom_link&#8220; img_link_target=&#8220;_blank&#8220; css_animation=&#8220;zoomInDown&#8220; title=&#8220;Save the Date &#8211; Leopoldigang 2021&#8243; link=&#8220;https:\/\/www.leopoldigang.at\/&#8220;][vc_empty_space height=&#8220;64px&#8220; hide_on_mobile=&#8220;&#8220;][vc_column_text]Leopodigang Live: am 20.\/21. November 2021<\/p>\n<p>Weitere Informationen findet ihr hier: <a href=\"https:\/\/www.leopoldigang.at\/\">https:\/\/www.leopoldigang.at\/<\/a>[\/vc_column_text][vc_empty_space hide_on_mobile=&#8220;&#8220;][vc_separator][vc_empty_space hide_on_mobile=&#8220;&#8220;][\/vc_column][\/vc_row][vc_row][vc_column][vc_single_image image=&#8220;8219&#8243; img_size=&#8220;full&#8220; alignment=&#8220;center&#8220; onclick=&#8220;custom_link&#8220; css_animation=&#8220;zoomInDown&#8220; title=&#8220;5. Wiener Genusstag bei unseren Freunden im Weinshop Sussitz&#8220;][vc_empty_space height=&#8220;64px&#8220; hide_on_mobile=&#8220;&#8220;][vc_column_text]Sch\u00f6n, dass wieder ein bisschen Normalit\u00e4t einkehrt! Zwar verschoben aber nicht aufgehoben, findet Anfang Oktober bei Sussitz (beim Karmelitermarkt in Wien) eine tolle Verkostung statt. Neben \u00f6sterreichischen und internationalen Weinen erwarten euch ausgew\u00e4hlte Spirits, prickelnde Schaumweine und k\u00f6stliche Antipasti.<\/p>\n<ul>\n<li><strong>Termin:<\/strong> am Samstag, den 2. Oktober 21 ab 15 Uhr<\/li>\n<li><strong>Ort:<\/strong> Weinshop Sussitz, Karmelitermarkt, 1020 Wien<\/li>\n<li><strong>Eintritt:<\/strong> \u20ac 20,\u2013 (der euch ab einem Einkauf von \u20ac 60,\u2013 wieder gutgeschrieben wird)<\/li>\n<li><strong>Anmeldung<\/strong>: per Mail an wien@sussitz.eu<\/li>\n<\/ul>\n<figure id=\"attachment_8221\" aria-describedby=\"caption-attachment-8221\" style=\"width: 300px\" class=\"wp-caption alignnone\"><img loading=\"lazy\" decoding=\"async\" class=\"size-medium wp-image-8221\" src=\"https:\/\/www.weingutglatzer.at\/wp-content\/uploads\/2021\/09\/Lageplan-Sussitz-300x300.png\" alt=\"Lageplan Sussitz\" width=\"300\" height=\"300\" srcset=\"https:\/\/www.weingutglatzer.at\/wp-content\/uploads\/2021\/09\/Lageplan-Sussitz-300x300.png 300w, https:\/\/www.weingutglatzer.at\/wp-content\/uploads\/2021\/09\/Lageplan-Sussitz-150x150.png 150w, https:\/\/www.weingutglatzer.at\/wp-content\/uploads\/2021\/09\/Lageplan-Sussitz-75x75.png 75w, https:\/\/www.weingutglatzer.at\/wp-content\/uploads\/2021\/09\/Lageplan-Sussitz-370x370.png 370w, https:\/\/www.weingutglatzer.at\/wp-content\/uploads\/2021\/09\/Lageplan-Sussitz-540x540.png 540w, https:\/\/www.weingutglatzer.at\/wp-content\/uploads\/2021\/09\/Lageplan-Sussitz-100x100.png 100w, https:\/\/www.weingutglatzer.at\/wp-content\/uploads\/2021\/09\/Lageplan-Sussitz.png 547w\" sizes=\"auto, (max-width: 300px) 100vw, 300px\" \/><figcaption id=\"caption-attachment-8221\" class=\"wp-caption-text\">Lageplan Sussitz<\/figcaption><\/figure>\n<p>&nbsp;<\/p>\n<p>Wir freuen uns auf euch und einen gen\u00fcsslichen Samstag in Wien\u00a0 :-)[\/vc_column_text][vc_empty_space hide_on_mobile=&#8220;&#8220;][vc_separator][vc_empty_space hide_on_mobile=&#8220;&#8220;][\/vc_column][\/vc_row][vc_row][vc_column][vc_single_image image=&#8220;4003&#8243; img_size=&#8220;full&#8220; alignment=&#8220;center&#8220; onclick=&#8220;custom_link&#8220; css_animation=&#8220;zoomInDown&#8220; title=&#8220;\u00d6TW Kompass&#8220;][vc_empty_space height=&#8220;64px&#8220; hide_on_mobile=&#8220;&#8220;][vc_column_text]Am ersten September-Wochenende findet die Tour de Vin statt und alle 68 \u00f6sterreichischen Traditionsweing\u00fcter\u00a0 \u00f6ffnen ihre T\u00fcren und pr\u00e4sentieren vom Traisental bis ins Carnuntum ihre ersten Lagen.<\/p>\n<ul>\n<li><strong>Termin:<\/strong>\u00a04. und 5. September 2021, jeweils von 10 bis 18 Uhr.<\/li>\n<li><strong>Eintritt:<\/strong>\u00a0Der Tour de Vin-Button um \u20ac 25,\u2013 berechtigt zur Verkostung an beiden Tagen und ist in jedem Weingut erh\u00e4ltlich.<\/li>\n<li><strong>Weing\u00fcter Carnuntum<\/strong>: hier findet ihr alle Weing\u00fcter, die bei uns &#8222;ums Eck&#8220; ge\u00f6ffnet haben:<\/li>\n<\/ul>\n<figure id=\"attachment_8117\" aria-describedby=\"caption-attachment-8117\" style=\"width: 725px\" class=\"wp-caption alignnone\"><img loading=\"lazy\" decoding=\"async\" class=\"wp-image-8117 size-large\" src=\"https:\/\/www.weingutglatzer.at\/wp-content\/uploads\/2021\/08\/Glatzer-OeTW-Carnuntum_page-0001-725x1024.jpg\" alt=\"Glatzer OeTW-Carnuntum\" width=\"725\" height=\"1024\" srcset=\"https:\/\/www.weingutglatzer.at\/wp-content\/uploads\/2021\/08\/Glatzer-OeTW-Carnuntum_page-0001-725x1024.jpg 725w, https:\/\/www.weingutglatzer.at\/wp-content\/uploads\/2021\/08\/Glatzer-OeTW-Carnuntum_page-0001-212x300.jpg 212w, https:\/\/www.weingutglatzer.at\/wp-content\/uploads\/2021\/08\/Glatzer-OeTW-Carnuntum_page-0001-768x1085.jpg 768w, https:\/\/www.weingutglatzer.at\/wp-content\/uploads\/2021\/08\/Glatzer-OeTW-Carnuntum_page-0001-1087x1536.jpg 1087w, https:\/\/www.weingutglatzer.at\/wp-content\/uploads\/2021\/08\/Glatzer-OeTW-Carnuntum_page-0001-370x523.jpg 370w, https:\/\/www.weingutglatzer.at\/wp-content\/uploads\/2021\/08\/Glatzer-OeTW-Carnuntum_page-0001-770x1088.jpg 770w, https:\/\/www.weingutglatzer.at\/wp-content\/uploads\/2021\/08\/Glatzer-OeTW-Carnuntum_page-0001-540x763.jpg 540w, https:\/\/www.weingutglatzer.at\/wp-content\/uploads\/2021\/08\/Glatzer-OeTW-Carnuntum_page-0001.jpg 1241w\" sizes=\"auto, (max-width: 725px) 100vw, 725px\" \/><figcaption id=\"caption-attachment-8117\" class=\"wp-caption-text\">Glatzer OeTW-Carnuntum<\/figcaption><\/figure>\n<p>&nbsp;<\/p>\n<p>Wir freuen uns auf ein Wiedersehen :-)[\/vc_column_text][vc_empty_space hide_on_mobile=&#8220;&#8220;][vc_separator][vc_empty_space hide_on_mobile=&#8220;&#8220;][\/vc_column][\/vc_row][vc_row][vc_column][vc_column_text]Weingut Glatzer im :<img loading=\"lazy\" decoding=\"async\" class=\"\" src=\"https:\/\/upload.wikimedia.org\/wikipedia\/commons\/thumb\/3\/3c\/Falstaff_(Weinjournal)_Logo.svg\/1200px-Falstaff_(Weinjournal)_Logo.svg.png\" alt=\"Quellbild anzeigen\" width=\"145\" height=\"43\" \/> :<a href=\"https:\/\/www.falstaff.at\/nd\/walter-glatzer-weniger-ist-mehr\/\">Hier f\u00fcr den Beitrag klicken<\/a><\/p>\n<p>[\/vc_column_text][vc_empty_space hide_on_mobile=&#8220;&#8220;][vc_separator][vc_empty_space hide_on_mobile=&#8220;&#8220;][\/vc_column][\/vc_row][vc_row][vc_column][vc_single_image image=&#8220;7102&#8243; img_size=&#8220;full&#8220; alignment=&#8220;center&#8220; onclick=&#8220;custom_link&#8220; css_animation=&#8220;zoomInDown&#8220; title=&#8220;G\u00f6ttlesbrunn in Erlebnis \u00d6sterreich&#8220; link=&#8220;https:\/\/tvthek.orf.at\/profile\/Erlebnis-Oesterreich\/1200\/Erlebnis-Oesterreich-Edle-Tropfen-mit-Charakter-Weinbau-in-Goettlesbrunn-Arbesthal\/14086860&#8243;][\/vc_column][\/vc_row][vc_row][vc_column][vc_custom_heading text=&#8220;G\u00f6ttlesbrunn im TV&#8220; font_container=&#8220;tag:h3|text_align:center|color:%23c90000&#8243; use_theme_fonts=&#8220;yes&#8220;][vc_column_text]Am 28.3.2021 gab es von 16.30 Uhr bis 16.54 Uhr in der Sendung <strong>Erlebnis \u00d6sterreich auf ORF 2<\/strong> Wissenswertes \u00fcber G\u00f6ttlesbrunn und seine Weine. F\u00fcr alle die den Beitrag verpasst haben, haben wir hier den Link zur Mediathek.<\/p>\n<p><a href=\"https:\/\/tvthek.orf.at\/profile\/Erlebnis-Oesterreich\/1200\/Erlebnis-Oesterreich-Edle-Tropfen-mit-Charakter-Weinbau-in-Goettlesbrunn-Arbesthal\/14086860\">Hier f\u00fcr den Beitrag klicken<\/a>[\/vc_column_text][vc_empty_space height=&#8220;12px&#8220; hide_on_mobile=&#8220;&#8220;][vc_separator][vc_empty_space height=&#8220;12px&#8220; hide_on_mobile=&#8220;&#8220;][\/vc_column][\/vc_row][vc_row][vc_column][vc_single_image image=&#8220;7060&#8243; img_size=&#8220;full&#8220; alignment=&#8220;center&#8220; onclick=&#8220;custom_link&#8220; css_animation=&#8220;zoomInDown&#8220; title=&#8220;Unsere aktuelle Ausgabe des Newletters&#8220; link=&#8220;http:\/\/189736.seu2.cleverreach.com\/m\/12641049\/&#8220;][\/vc_column][\/vc_row][vc_row][vc_column][vc_custom_heading text=&#8220;Bei uns gibt es immer was Neues&#8220; font_container=&#8220;tag:h3|text_align:center|color:%23c90000&#8243; use_theme_fonts=&#8220;yes&#8220;][vc_column_text]Falls ihr einmal eine Neuigkeit verpasst habt, k\u00f6nnt ihr hier unseren aktuellen Newsletter mit tollen Angeboten lesen:<\/p>\n<p><a href=\"http:\/\/189736.seu2.cleverreach.com\/m\/12633086\/\">Hier zum aktuellen Newsletter<\/a>[\/vc_column_text][vc_empty_space height=&#8220;12px&#8220; hide_on_mobile=&#8220;&#8220;][vc_separator][vc_empty_space height=&#8220;12px&#8220; hide_on_mobile=&#8220;&#8220;][\/vc_column][\/vc_row][vc_row][vc_column][vc_single_image image=&#8220;7053&#8243; img_size=&#8220;full&#8220; alignment=&#8220;center&#8220; onclick=&#8220;link_image&#8220; css_animation=&#8220;zoomInDown&#8220; title=&#8220;Walter Glatzer \u00fcber Ortsweine&#8220;][\/vc_column][\/vc_row][vc_row][vc_column][vc_custom_heading text=&#8220;G\u00f6ttlesbrunn und seine Ortsweine&#8220; font_container=&#8220;tag:h3|text_align:center|color:%23c90000&#8243; use_theme_fonts=&#8220;yes&#8220;][vc_column_text]Hier erz\u00e4hlen wir euch ein bisserl was \u00fcber unsere Ortsweine.<\/p>\n<p><a href=\"https:\/\/youtu.be\/7PAhh271HVc\">Hier geht&#8217;s zum Video (1 Min.)<\/a>[\/vc_column_text][vc_empty_space height=&#8220;12px&#8220; hide_on_mobile=&#8220;&#8220;][vc_separator][vc_empty_space height=&#8220;12px&#8220; hide_on_mobile=&#8220;&#8220;][\/vc_column][\/vc_row][vc_row][vc_column][vc_single_image image=&#8220;6425&#8243; img_size=&#8220;full&#8220; alignment=&#8220;center&#8220; onclick=&#8220;link_image&#8220; css_animation=&#8220;zoomInDown&#8220; title=&#8220;Weingut Glatzer im TV&#8220;][\/vc_column][\/vc_row][vc_row][vc_column][vc_custom_heading text=&#8220;Das Weingut Glatzer im ORF Studio 2&#8243; font_container=&#8220;tag:h3|text_align:center|color:%23c90000&#8243; use_theme_fonts=&#8220;yes&#8220;][vc_column_text]Ganz stolz sind wir auf den Beitrag im ORF Studio 2, in dem unser Weingut vorgestellt wird. Unser lieber Freund Adi Bittermann hat nicht nur k\u00f6stlich gekocht, sondern den Zusehern unser Weingut schmackhaft gemacht.<\/p>\n<p>Viel Spass beim Zuschauen<\/p>\n<p><a href=\"https:\/\/www.youtube.com\/watch?v=yx3Pp_ouG2A&amp;feature=youtu.be\">JETZT 7,5 Minuten Fernsehen<\/a>[\/vc_column_text][vc_empty_space height=&#8220;12px&#8220; hide_on_mobile=&#8220;&#8220;][vc_separator][vc_empty_space height=&#8220;12px&#8220; hide_on_mobile=&#8220;&#8220;][\/vc_column][\/vc_row][vc_row][vc_column][vc_single_image image=&#8220;2330&#8243; img_size=&#8220;full&#8220; alignment=&#8220;center&#8220; onclick=&#8220;link_image&#8220; css_animation=&#8220;zoomInDown&#8220; title=&#8220;Ros\u00e9 Frizzante Gluathummel&#8220;][\/vc_column][\/vc_row][vc_row][vc_column][vc_custom_heading text=&#8220;Die Geschichte von der Gluathummel &#8230;.&#8220; font_container=&#8220;tag:h3|text_align:center|color:%23dd6161&#8243; use_theme_fonts=&#8220;yes&#8220;][vc_column_text]Ihren Spitznamen \u201eGluathummel\u201c tr\u00e4gt sie mit Stolz. Den hat sie ihren rot-gl\u00fchenden Backerl zu verdanken. Der \u201eGluat\u201c wie man in Wien so sch\u00f6n sagt, wo sie gern feiert \u2013 auf der Mah\u00fc, beim Heurigen wie am Opernball. \u201eHummeln im Popo\u201c hat sie sowieso \u2013 daher ist sie (wenn nicht gerade alles geschlossen ist) auch viel unterwegs. In ausgew\u00e4hlten Vinotheken und Restaurants \u2013 national und gerne auch im Ausland. Ein Damenspitz ist ja stets \u00fcberall willkommen. Bei einem Fetzn hat sie noch nie ans Putzen gedacht. Das gibt sie ganz offen zu, reinen Wein einschenken und so. Da ist sie ganz bodenst\u00e4ndig und ihrer Herkunft verpflichtet. Schlie\u00dflich ist sie in Carnuntum, \u00f6stlich von Wien aufgewachsen &#8211; ganz wohlbeh\u00fctet in der Gro\u00dffamilie Glatzer. Umgeben von lauter Flaschen, wie sie selbst sagt. Ein bisserl frech und \u00fcbersch\u00e4umend darf man schon sein, wenn man sich das Rampenlicht mit Dornenvogel, St. Laurent Alte Reben &amp; Co teilt. Es hilft nat\u00fcrlich auch s\u00fc\u00df zu sein \u2013 aber nicht zu sehr. Das findet sie grauslig und ist in ihrer Familie nicht \u00fcblich. Guter Geschmack ist letztendlich entscheidend und davon hat sie zuhauf.<\/p>\n<p>Da ihr aber sch\u00f6n langsam zu Hause die Decke auf den Kopf f\u00e4llt und sie wieder unter die Leute m\u00f6chte, freut sie sich gerade im Lockdown auf zahlreiche Einladungen. Aber wir m\u00fcssen Sie warnen: das mit Distanzhalten f\u00e4llt ihr ein bisserl schwer \ud83d\ude09<\/p>\n<p>&nbsp;<\/p>\n<p><a href=\"https:\/\/www.weingutglatzer.at\/de\/produkt\/gluathummel-paket\/\"><strong>Jetzt die Gluathummel nach Hause einladen<\/strong> <\/a>[\/vc_column_text][vc_empty_space height=&#8220;12px&#8220; hide_on_mobile=&#8220;&#8220;][vc_separator][vc_empty_space height=&#8220;12px&#8220; hide_on_mobile=&#8220;&#8220;][\/vc_column][\/vc_row][vc_row][vc_column][vc_single_image image=&#8220;5382&#8243; img_size=&#8220;full&#8220; alignment=&#8220;center&#8220; onclick=&#8220;link_image&#8220; css_animation=&#8220;zoomInDown&#8220; title=&#8220;Ausgezeichnete Weine&#8220;][\/vc_column][\/vc_row][vc_row][vc_column][vc_custom_heading text=&#8220;Falstaff sagt &#8230;.&#8220; font_container=&#8220;tag:h3|text_align:center|color:%23000000&#8243; use_theme_fonts=&#8220;yes&#8220;][vc_column_text]<\/p>\n<p style=\"text-align: center\">Unsere Kritiken nehmen wir pers\u00f6nlich und &#8222;Wort-f\u00fcr-Wort&#8220; wie beispielsweise diese (aktuell von Falstaff Wein Guide):<\/p>\n<p>&#8222;<em>Walter Glatzer ist einer der qualitativen Motoren der Weinbauregion Carnuntum. Seine Rotweine, allen voran der Zweigelt \u00bbDornenvogel\u00ab, z\u00e4hlen zu den Produkten mit dem besten Preis-Leistungs-Verh\u00e4ltnis \u00d6sterreichs. Von der Leitsorte Zweigelt f\u00fcllt Walter Glatzer auch eine eher jung zu trinkende Riedencuv\u00e9e und einen Rubin Carnuntum ab. Vom Blau\u00adfr\u00e4nkisch, der in Carnuntum ebenso Tradition hat, gibt es in der Regel eine Normalf\u00fcllung und eine Reserve, die rund ein Jahr in gebrauchten Barriques her\u00adanreift.<\/em><\/p>\n<p><em>Eine Klasse f\u00fcr sich ist der elegante St. Laurent Altenberg <\/em>(Anmerkung: jetzt St. Laurent Alte Reben)<em>, der im \u00bbFalstaff Rotweinguide\u00ab den Gesamtsieg erreichen konnte. Aber auch mit der in G\u00f6ttlesbrunn als Traditionssorte gepflegten Wei\u00dfburgunder-Rebe und nicht zuletzt mit Sauvignon Blanc zeigt der dynamische Winzer sein \u00f6nologisches Talent. Die rote Spitzencuv\u00e9e, die nat\u00fcrlich im neuen Holz ausgebaut wird, tr\u00e4gt den alten Namen des Weinortes: \u00bbGotinsprun\u00ab. Seit 2009 wird das Programm von einem Blaufr\u00e4nkisch aus der Riede Bernreiser abgerundet, der durch intensive W\u00fcrzigkeit und Mineralik gepr\u00e4gt ist und nur in guten Jahrg\u00e4ngen auf den Markt kommt.<\/em><\/p>\n<p><em>Seit dem Jahrgang 2015 gibt es eine neue, markante Flaschenausstattung, mit der sich das Weingut Glatzer noch deutlicher mit h\u00f6chst individuellen Weinen pr\u00e4sentiert. Seit dem Vorjahr ist das Weingut Glatzer Mitglied der \u00bbTraditionsweing\u00fcter \u00d6sterreich\u00ab und wird in der Folge verst\u00e4rkt auf Lagenweine setzen.<\/em>&#8220;<\/p>\n<p>Danke an Falstaff und eure Leser f\u00fcr Platz 2! Und danke, dass ihr unsere Leidenschaft zu sch\u00e4tzen wisst!<\/p>\n<p>Herzlichst, Eure Familie Glatzer[\/vc_column_text][vc_empty_space height=&#8220;12px&#8220; hide_on_mobile=&#8220;&#8220;][vc_separator][vc_empty_space height=&#8220;12px&#8220; hide_on_mobile=&#8220;&#8220;][vc_custom_heading text=&#8220;Unser Ab-Hof Verkauf&#8220; font_container=&#8220;tag:h3|text_align:center|color:%23000000&#8243; use_theme_fonts=&#8220;yes&#8220;][vc_column_text]<\/p>\n<p style=\"text-align: center\">Unser <strong>Ab-Hof Verkauf<\/strong> ist ge\u00f6ffnet. Da uns Ihre Gesundheit sehr am Herzen liegt, wollen jedes Risiko vermeiden. Bitte rufen Sie <strong>vor Ihrem Besuch<\/strong> an oder schreiben Sie uns ein E-Mail. Au\u00dferdem steht unser <a href=\"https:\/\/www.weingutglatzer.at\/de\/shop\/\"><strong>Onlineshop<\/strong><\/a> jederzeit bereit, um <strong>kontaktlos<\/strong> zu bestellen und per Sofort-\u00dcberweisung, PayPal, Master Card oder mit Visa zu bezahlen.<\/p>\n<p style=\"text-align: center\">Nutzen Sie das Angebot jetzt im Shop <strong>10 % g\u00fcnstiger<\/strong> zu bestellen. Geben Sie einfach den im Shop angegebenen Gutscheincode\u00a0im entsprechenden Feld ein.<\/p>\n<p style=\"text-align: center\">Verbringen Sie eine sch\u00f6ne und gesunde Zeit mit Ihren Liebsten und genie\u00dfen Sie zu Hause ganz entspannt unsere Weine.<\/p>\n<p style=\"text-align: center\">Herzlichst, Ihre Familie Glatzer<\/p>\n<p>[\/vc_column_text][\/vc_column][\/vc_row][vc_row][vc_column][vc_empty_space height=&#8220;12px&#8220; hide_on_mobile=&#8220;&#8220;][vc_separator][\/vc_column][\/vc_row][vc_row][vc_column][vc_custom_heading text=&#8220;Das Siegel der Traditionsweing\u00fcter&#8220; font_container=&#8220;tag:h3|text_align:center|color:%23000000&#8243; use_theme_fonts=&#8220;yes&#8220;][vc_column_text]<\/p>\n<p class=\"wp-embed-heading\"><span style=\"color: #5f5f5f;font-family: 'Quattrocento Sans', sans-serif;font-size: 14px\">Der Winzer versucht sich in einer komplexen Umgebung von Geologie, Kleinklima und kosmischen Einfl\u00fcssen zu orientieren. Die Sonnenuhr und der Kompass als Hauptsymbol f\u00fcr das Logo der Traditionsweing\u00fcter z\u00e4hlen dabei zu den traditionellsten Werkzeugen, die Stellung von Sonne und Mond, Jahreszeiten sowie das Spannungsfeld zwischen Tag und Nacht spielen eine gro\u00dfe Rolle.<\/span><\/p>\n<p>Mehr Informationen zu den Traditionsweing\u00fctern finden Sie <a href=\"https:\/\/www.traditionsweingueter.at\/\">hier<\/a>.<\/p>\n<p>&nbsp;<\/p>\n<p style=\"text-align: center\"><img loading=\"lazy\" decoding=\"async\" class=\"alignnone wp-image-4003 size-thumbnail\" src=\"https:\/\/www.weingutglatzer.at\/wp-content\/uploads\/2020\/05\/LOGO\u00d6TWKOMPAS-150x150.jpg\" alt=\"\" width=\"150\" height=\"150\" srcset=\"https:\/\/www.weingutglatzer.at\/wp-content\/uploads\/2020\/05\/LOGO\u00d6TWKOMPAS-150x150.jpg 150w, https:\/\/www.weingutglatzer.at\/wp-content\/uploads\/2020\/05\/LOGO\u00d6TWKOMPAS-300x300.jpg 300w, https:\/\/www.weingutglatzer.at\/wp-content\/uploads\/2020\/05\/LOGO\u00d6TWKOMPAS-75x75.jpg 75w, https:\/\/www.weingutglatzer.at\/wp-content\/uploads\/2020\/05\/LOGO\u00d6TWKOMPAS-370x369.jpg 370w, https:\/\/www.weingutglatzer.at\/wp-content\/uploads\/2020\/05\/LOGO\u00d6TWKOMPAS-100x100.jpg 100w, https:\/\/www.weingutglatzer.at\/wp-content\/uploads\/2020\/05\/LOGO\u00d6TWKOMPAS.jpg 500w\" sizes=\"auto, (max-width: 150px) 100vw, 150px\" \/><\/p>\n<p>[\/vc_column_text][\/vc_column][\/vc_row][vc_row][vc_column][vc_empty_space height=&#8220;12px&#8220; hide_on_mobile=&#8220;&#8220;][vc_separator][\/vc_column][\/vc_row][vc_row][vc_column][vc_custom_heading text=&#8220;Ausgezeichnete Qualit\u00e4t&#8220; font_container=&#8220;tag:h3|text_align:center|color:%23000000&#8243; use_theme_fonts=&#8220;yes&#8220;][vc_column_text]<\/p>\n<p style=\"text-align: center\">Wir sind sehr erfreut \u00fcber die Bewertung von <strong> Robert Parker. <\/strong>Wir konnten mit unserem <strong>St. Laurent Altenberg Alte Reben<\/strong> und <strong>Sauvignon Sch\u00fcttenberg<\/strong> jeweils <strong>92 Punkte<\/strong> erzielen<strong>.\u00a0<\/strong><\/p>\n<p><img loading=\"lazy\" decoding=\"async\" class=\"size-medium wp-image-3782 aligncenter\" src=\"https:\/\/www.weingutglatzer.at\/wp-content\/uploads\/2020\/04\/image0-169x300.jpeg\" alt=\"Wir sind sehr gl\u00fccklich \u00fcber Robert Parker\u00b4s Bewertung f\u00fcr Sauvignon blanc Sch\u00fcttenberg 20178 und St. Laurent Alte Reben 2017\" width=\"169\" height=\"300\" srcset=\"https:\/\/www.weingutglatzer.at\/wp-content\/uploads\/2020\/04\/image0-169x300.jpeg 169w, https:\/\/www.weingutglatzer.at\/wp-content\/uploads\/2020\/04\/image0-576x1024.jpeg 576w, https:\/\/www.weingutglatzer.at\/wp-content\/uploads\/2020\/04\/image0-768x1365.jpeg 768w, https:\/\/www.weingutglatzer.at\/wp-content\/uploads\/2020\/04\/image0-864x1536.jpeg 864w, https:\/\/www.weingutglatzer.at\/wp-content\/uploads\/2020\/04\/image0-370x658.jpeg 370w, https:\/\/www.weingutglatzer.at\/wp-content\/uploads\/2020\/04\/image0-770x1369.jpeg 770w, https:\/\/www.weingutglatzer.at\/wp-content\/uploads\/2020\/04\/image0-540x960.jpeg 540w, https:\/\/www.weingutglatzer.at\/wp-content\/uploads\/2020\/04\/image0.jpeg 1125w\" sizes=\"auto, (max-width: 169px) 100vw, 169px\" \/>[\/vc_column_text][\/vc_column][\/vc_row][vc_row][vc_column][vc_empty_space height=&#8220;12px&#8220; hide_on_mobile=&#8220;&#8220;][\/vc_column][\/vc_row][vc_row][vc_column][vc_custom_heading text=&#8220;Anmeldung Newsletter&#8220; font_container=&#8220;tag:h3|text_align:center|color:%23000000&#8243; use_theme_fonts=&#8220;yes&#8220;][vc_column_text]Sie m\u00f6chten regelm\u00e4\u00dfig und automatisch mit Informationen zu unserem Weingut versorgt werden und zus\u00e4tzlich von attraktiven Angeboten profitieren? Dann melden Sie sich doch f\u00fcr unseren Newsletter an, den wir ca. 6x pro Jahr versenden.<\/p>\n<p><a href=\"https:\/\/www.weingutglatzer.at\/newsletter\/\" target=\"_blank\" rel=\"noopener noreferrer\">Hier f\u00fcr den Newsletter anmelden<\/a>[\/vc_column_text][\/vc_column][\/vc_row][vc_row][vc_column][vc_empty_space hide_on_mobile=&#8220;&#8220;][\/vc_column][\/vc_row][vc_row][vc_column width=&#8220;1\/3&#8243;][vc_empty_space hide_on_mobile=&#8220;&#8220;][\/vc_column][vc_column width=&#8220;1\/3&#8243;][\/vc_column][vc_column width=&#8220;1\/3&#8243;][\/vc_column][\/vc_row][vc_row][vc_column][vc_custom_heading text=&#8220;DAC \u2013 Districuts Austriae Controllatus&#8220; font_container=&#8220;tag:h3|text_align:center|color:%23000000&#8243; use_theme_fonts=&#8220;yes&#8220;][\/vc_column][\/vc_row][vc_row][vc_column][vc_single_image image=&#8220;2923&#8243; img_size=&#8220;full&#8220; alignment=&#8220;center&#8220; onclick=&#8220;link_image&#8220; css_animation=&#8220;zoomInDown&#8220;][\/vc_column][\/vc_row][vc_row][vc_column][vc_column_text]<\/p>\n<p style=\"text-align: center\"><strong>Auf Gebiet und Mischung kommt es an.<\/strong><\/p>\n<p style=\"text-align: center\">Carnuntum mag f\u00fcr antike Sch\u00e4tze bekannt sein, jedoch sind die Weine dort alles andere als verstaubt. Bei unseren Wei\u00dfweinen sind es herkunftstypisch Gr\u00fcner Veltliner, Wei\u00dfburgunder und Chardonnay bzw. eine Cuv\u00e9e, die aus mindestens 2\/3 dieser Sorten besteht. Bei den Rotweinen werden die Sorten Zweigelt oder Blaufr\u00e4nkisch bzw. eine Cuv\u00e9e aus den beiden Sorten ebenfalls im Anteil von 2\/3 f\u00fcr die DAC Kennzeichnung ben\u00f6tigt.\u00a0Entsprechend der Herkunftspyramide sind Rieden-, Orts- und Gebietswein die drei Qualit\u00e4tsstufen, in denen unsere Weine brillieren.<\/p>\n<p>&nbsp;<\/p>\n<p>[\/vc_column_text][\/vc_column][\/vc_row][vc_row][vc_column][vc_empty_space hide_on_mobile=&#8220;&#8220;][\/vc_column][\/vc_row][vc_row][vc_column][vc_empty_space hide_on_mobile=&#8220;&#8220;][\/vc_column][\/vc_row][vc_row][vc_column width=&#8220;1\/3&#8243;][vc_column_text]<\/p>\n<p style=\"text-align: center\"><strong>Riedenweine<\/strong><\/p>\n<p style=\"text-align: center\">Ried Rosenberg 2017 1\u00d6TW<\/p>\n<p style=\"text-align: center\">Ried B\u00e4rnreiser Blaufr\u00e4nkisch 2017<\/p>\n<p style=\"text-align: center\">Ried Haidacker Zweigelt 2017<\/p>\n<p style=\"text-align: center\">Chardonnay Kr\u00e4ften 2017<\/p>\n<p>[\/vc_column_text][\/vc_column][vc_column width=&#8220;1\/3&#8243;][vc_column_text]<\/p>\n<p style=\"text-align: center\"><strong>Ortsweine<\/strong><\/p>\n<p style=\"text-align: center\">G\u00f6ttlesbrunn Weiss 2018\u00a0(CH+WB+GV+SB)<\/p>\n<p style=\"text-align: center\">Gotinsprunn 2017<\/p>\n<p style=\"text-align: center\">Blaufr\u00e4nkisch Prellenkirchen 2017<\/p>\n<p>[\/vc_column_text][\/vc_column][vc_column width=&#8220;1\/3&#8243;][vc_column_text]<\/p>\n<p style=\"text-align: center\"><strong>Gebietsweine<\/strong><\/p>\n<p style=\"text-align: center\">Gr\u00fcner Veltliner 2018<\/p>\n<p style=\"text-align: center\">Blaufr\u00e4nkisch 2017<\/p>\n<p style=\"text-align: center\">Zweigelt Carnuntum Cuv\u00e9e 2018<\/p>\n<p style=\"text-align: center\">Zweigelt Rubin Carnuntum 2017<\/p>\n<p style=\"text-align: center\">Gr\u00fcner Veltliner Dornenvogel 2018<\/p>\n<p style=\"text-align: center\">Zweigelt Dornenvogel 2018<\/p>\n<p>[\/vc_column_text][\/vc_column][\/vc_row][vc_row][vc_column][vc_separator][\/vc_column][\/vc_row][vc_row][vc_column][vc_single_image image=&#8220;3060&#8243; img_size=&#8220;full&#8220; alignment=&#8220;center&#8220; style=&#8220;vc_box_rounded&#8220; onclick=&#8220;link_image&#8220; css_animation=&#8220;zoomInDown&#8220; title=&#8220;Die Vielfalt an Weinen &amp; unsere Neuank\u00f6mmlinge&#8220;][\/vc_column][\/vc_row][vc_row][vc_column][vc_column_text]<\/p>\n<p style=\"text-align: center\">Mit der Umstellung unserer Weine auf DAC und \u00d6TW gingen einige \u00c4nderungen einher. Eine der Sch\u00f6nsten betrifft unsere Vielfalt an Weinen. Wir freuen uns, Ihnen unsere <strong><em>Neuank\u00f6mmlinge<\/em><\/strong> vorzustellen:<\/p>\n<p style=\"text-align: center\"><strong>Ried Rosenberg 2017 1\u00d6TW<\/strong><\/p>\n<p style=\"text-align: center\"><strong>Ried Haidacker Zweigelt 2017<\/strong><\/p>\n<p style=\"text-align: center\"><strong>G\u00f6ttlesbrunn Weiss 2018 BIO<\/strong><\/p>\n<p style=\"text-align: center\"><strong>Blaufr\u00e4nkisch Prellenkirchen 2017<\/strong><\/p>\n<p style=\"text-align: center\"><strong>Zweigelt Carnuntum Cuv\u00e9e 2018<\/strong><\/p>\n<p>[\/vc_column_text][\/vc_column][\/vc_row][vc_row][vc_column][vc_separator][\/vc_column][\/vc_row][vc_row][vc_column][vc_single_image image=&#8220;2911&#8243; img_size=&#8220;full&#8220; alignment=&#8220;center&#8220; onclick=&#8220;link_image&#8220; css_animation=&#8220;zoomInDown&#8220;][\/vc_column][\/vc_row][vc_row][vc_column][vc_empty_space hide_on_mobile=&#8220;&#8220;][\/vc_column][\/vc_row][vc_row][vc_column][vc_custom_heading text=&#8220;Gute Herkunft besticht durch beste Lage&#8220; font_container=&#8220;tag:h3|text_align:center|color:%23000000&#8243; use_theme_fonts=&#8220;yes&#8220;][\/vc_column][\/vc_row][vc_row][vc_column][vc_column_text]<\/p>\n<p style=\"text-align: center\">Die Herkunft ist das pr\u00e4gende Qualit\u00e4tskriterium eines Weines. Die Lage entscheidet \u00fcber Charakter, Reifepotenzial und aromatische Besonderheiten.\u00a0In einem aufwendigen Prozess wurden neun Rieden in Carnuntum zu den \u201eErsten Lagen\u201c klassifiziert. Von diesen stammen charakteristische und authentische Rotweine.<\/p>\n<p style=\"text-align: center\">Auf drei der definierten \u201eErsten Lagen\u201c bewirtschaften wir Weing\u00e4rten und bauen entsprechende Rotweine aus:<\/p>\n<p style=\"text-align: center\"><strong>Ried Rosenberg G\u00f6ttlesbrunn: Ried Rosenberg<\/strong><\/p>\n<p style=\"text-align: center\"><strong>Ried B\u00e4rnreiser H\u00f6flein: Blaufr\u00e4nkisch B\u00e4rnreiser\u00a0<\/strong><\/p>\n<p style=\"text-align: center\"><strong>Ried Haidacker G\u00f6ttlesbrunn: Ried Haidacker Zweigelt<\/strong><\/p>\n<p style=\"text-align: center\">Die \u201eErsten Lagen\u201c befinden sich an der Spitze der Pyramide und tragen die Auszeichnung 1\u00d6TW. Als 1\u00d6TW d\u00fcrfen aber nur die nach dem DAC-Gesetz vorgegebenen Rotweinsorten Zweigelt und Blaufr\u00e4nkisch (oder eine entsprechende Cuv\u00e9e) ausgezeichnet werden. Eine Klassifizierung der Wei\u00dfweine wurde noch nicht vorgenommen.<\/p>\n<p>[\/vc_column_text][\/vc_column][\/vc_row][vc_row][vc_column][vc_empty_space hide_on_mobile=&#8220;&#8220;][\/vc_column][\/vc_row]<\/p>\n","protected":false},"excerpt":{"rendered":"<p>&nbsp; Am 11. &amp; 12. April 2025 laden wir, die Winzer G\u00f6ttlesbrunn, wieder zum allj\u00e4hrlichen Jungweinschnuppern ein. Starten Sie Ihren individuellen Rundgang in einem der teilnehmenden Winzerbetriebe und genie\u00dfen Sie das aktuelle Sortiment in wunderbarer Atmosph\u00e4re. Die Betriebe, Weinkeller und Pr\u00e4sentationsr\u00e4ume haben am Samstag, 11.04.25 von 13.00 bis 20.00 Uhr und am Sonntag, 12.04.25 von 13.00 bis 18.00 Uhr ge\u00f6ffnet&hellip;<\/p>\n","protected":false},"author":4,"featured_media":0,"parent":0,"menu_order":0,"comment_status":"closed","ping_status":"closed","template":"","meta":{"_acf_changed":false,"footnotes":""},"class_list":["post-1794","page","type-page","status-publish","hentry"],"acf":[],"yoast_head":"<!-- This site is optimized with the Yoast SEO plugin v26.4 - https:\/\/yoast.com\/wordpress\/plugins\/seo\/ -->\n<title>News - Weingut Glatzer<\/title>\n<meta name=\"robots\" content=\"index, follow, max-snippet:-1, max-image-preview:large, max-video-preview:-1\" \/>\n<link rel=\"canonical\" href=\"https:\/\/www.weingutglatzer.at\/de\/news-2\/\" \/>\n<meta property=\"og:locale\" content=\"de_DE\" \/>\n<meta property=\"og:type\" content=\"article\" \/>\n<meta property=\"og:title\" content=\"News - Weingut Glatzer\" \/>\n<meta property=\"og:description\" content=\"&nbsp; Am 11. &amp; 12. April 2025 laden wir, die Winzer G\u00f6ttlesbrunn, wieder zum allj\u00e4hrlichen Jungweinschnuppern ein. Starten Sie Ihren individuellen Rundgang in einem der teilnehmenden Winzerbetriebe und genie\u00dfen Sie das aktuelle Sortiment in wunderbarer Atmosph\u00e4re. Die Betriebe, Weinkeller und Pr\u00e4sentationsr\u00e4ume haben am Samstag, 11.04.25 von 13.00 bis 20.00 Uhr und am Sonntag, 12.04.25 von 13.00 bis 18.00 Uhr ge\u00f6ffnet&hellip;\" \/>\n<meta property=\"og:url\" content=\"https:\/\/www.weingutglatzer.at\/de\/news-2\/\" \/>\n<meta property=\"og:site_name\" content=\"Weingut Glatzer\" \/>\n<meta property=\"article:modified_time\" content=\"2026-03-26T15:00:19+00:00\" \/>\n<meta property=\"og:image\" content=\"https:\/\/www.weingutglatzer.at\/wp-content\/uploads\/2021\/12\/A-la-Carte-Auszeichnung.png\" \/>\n\t<meta property=\"og:image:width\" content=\"337\" \/>\n\t<meta property=\"og:image:height\" content=\"337\" \/>\n\t<meta property=\"og:image:type\" content=\"image\/png\" \/>\n<meta name=\"twitter:card\" content=\"summary_large_image\" \/>\n<meta name=\"twitter:label1\" content=\"Gesch\u00e4tzte Lesezeit\" \/>\n\t<meta name=\"twitter:data1\" content=\"18\u00a0Minuten\" \/>\n<script type=\"application\/ld+json\" class=\"yoast-schema-graph\">{\"@context\":\"https:\/\/schema.org\",\"@graph\":[{\"@type\":\"WebPage\",\"@id\":\"https:\/\/www.weingutglatzer.at\/de\/news-2\/\",\"url\":\"https:\/\/www.weingutglatzer.at\/de\/news-2\/\",\"name\":\"News - Weingut Glatzer\",\"isPartOf\":{\"@id\":\"https:\/\/www.weingutglatzer.at\/de\/#website\"},\"primaryImageOfPage\":{\"@id\":\"https:\/\/www.weingutglatzer.at\/de\/news-2\/#primaryimage\"},\"image\":{\"@id\":\"https:\/\/www.weingutglatzer.at\/de\/news-2\/#primaryimage\"},\"thumbnailUrl\":\"https:\/\/www.weingutglatzer.at\/wp-content\/uploads\/2021\/12\/A-la-Carte-Auszeichnung-300x300.png\",\"datePublished\":\"2018-03-16T13:22:31+00:00\",\"dateModified\":\"2026-03-26T15:00:19+00:00\",\"breadcrumb\":{\"@id\":\"https:\/\/www.weingutglatzer.at\/de\/news-2\/#breadcrumb\"},\"inLanguage\":\"de\",\"potentialAction\":[{\"@type\":\"ReadAction\",\"target\":[\"https:\/\/www.weingutglatzer.at\/de\/news-2\/\"]}]},{\"@type\":\"ImageObject\",\"inLanguage\":\"de\",\"@id\":\"https:\/\/www.weingutglatzer.at\/de\/news-2\/#primaryimage\",\"url\":\"https:\/\/www.weingutglatzer.at\/wp-content\/uploads\/2021\/12\/A-la-Carte-Auszeichnung-300x300.png\",\"contentUrl\":\"https:\/\/www.weingutglatzer.at\/wp-content\/uploads\/2021\/12\/A-la-Carte-Auszeichnung-300x300.png\"},{\"@type\":\"BreadcrumbList\",\"@id\":\"https:\/\/www.weingutglatzer.at\/de\/news-2\/#breadcrumb\",\"itemListElement\":[{\"@type\":\"ListItem\",\"position\":1,\"name\":\"Startseite\",\"item\":\"https:\/\/www.weingutglatzer.at\/de\/\"},{\"@type\":\"ListItem\",\"position\":2,\"name\":\"News\"}]},{\"@type\":\"WebSite\",\"@id\":\"https:\/\/www.weingutglatzer.at\/de\/#website\",\"url\":\"https:\/\/www.weingutglatzer.at\/de\/\",\"name\":\"Weingut Glatzer\",\"description\":\"Carnuntum\",\"potentialAction\":[{\"@type\":\"SearchAction\",\"target\":{\"@type\":\"EntryPoint\",\"urlTemplate\":\"https:\/\/www.weingutglatzer.at\/de\/?s={search_term_string}\"},\"query-input\":{\"@type\":\"PropertyValueSpecification\",\"valueRequired\":true,\"valueName\":\"search_term_string\"}}],\"inLanguage\":\"de\"}]}<\/script>\n<!-- \/ Yoast SEO plugin. -->","yoast_head_json":{"title":"News - Weingut Glatzer","robots":{"index":"index","follow":"follow","max-snippet":"max-snippet:-1","max-image-preview":"max-image-preview:large","max-video-preview":"max-video-preview:-1"},"canonical":"https:\/\/www.weingutglatzer.at\/de\/news-2\/","og_locale":"de_DE","og_type":"article","og_title":"News - Weingut Glatzer","og_description":"&nbsp; Am 11. &amp; 12. April 2025 laden wir, die Winzer G\u00f6ttlesbrunn, wieder zum allj\u00e4hrlichen Jungweinschnuppern ein. Starten Sie Ihren individuellen Rundgang in einem der teilnehmenden Winzerbetriebe und genie\u00dfen Sie das aktuelle Sortiment in wunderbarer Atmosph\u00e4re. Die Betriebe, Weinkeller und Pr\u00e4sentationsr\u00e4ume haben am Samstag, 11.04.25 von 13.00 bis 20.00 Uhr und am Sonntag, 12.04.25 von 13.00 bis 18.00 Uhr ge\u00f6ffnet&hellip;","og_url":"https:\/\/www.weingutglatzer.at\/de\/news-2\/","og_site_name":"Weingut Glatzer","article_modified_time":"2026-03-26T15:00:19+00:00","og_image":[{"width":337,"height":337,"url":"https:\/\/www.weingutglatzer.at\/wp-content\/uploads\/2021\/12\/A-la-Carte-Auszeichnung.png","type":"image\/png"}],"twitter_card":"summary_large_image","twitter_misc":{"Gesch\u00e4tzte Lesezeit":"18\u00a0Minuten"},"schema":{"@context":"https:\/\/schema.org","@graph":[{"@type":"WebPage","@id":"https:\/\/www.weingutglatzer.at\/de\/news-2\/","url":"https:\/\/www.weingutglatzer.at\/de\/news-2\/","name":"News - Weingut Glatzer","isPartOf":{"@id":"https:\/\/www.weingutglatzer.at\/de\/#website"},"primaryImageOfPage":{"@id":"https:\/\/www.weingutglatzer.at\/de\/news-2\/#primaryimage"},"image":{"@id":"https:\/\/www.weingutglatzer.at\/de\/news-2\/#primaryimage"},"thumbnailUrl":"https:\/\/www.weingutglatzer.at\/wp-content\/uploads\/2021\/12\/A-la-Carte-Auszeichnung-300x300.png","datePublished":"2018-03-16T13:22:31+00:00","dateModified":"2026-03-26T15:00:19+00:00","breadcrumb":{"@id":"https:\/\/www.weingutglatzer.at\/de\/news-2\/#breadcrumb"},"inLanguage":"de","potentialAction":[{"@type":"ReadAction","target":["https:\/\/www.weingutglatzer.at\/de\/news-2\/"]}]},{"@type":"ImageObject","inLanguage":"de","@id":"https:\/\/www.weingutglatzer.at\/de\/news-2\/#primaryimage","url":"https:\/\/www.weingutglatzer.at\/wp-content\/uploads\/2021\/12\/A-la-Carte-Auszeichnung-300x300.png","contentUrl":"https:\/\/www.weingutglatzer.at\/wp-content\/uploads\/2021\/12\/A-la-Carte-Auszeichnung-300x300.png"},{"@type":"BreadcrumbList","@id":"https:\/\/www.weingutglatzer.at\/de\/news-2\/#breadcrumb","itemListElement":[{"@type":"ListItem","position":1,"name":"Startseite","item":"https:\/\/www.weingutglatzer.at\/de\/"},{"@type":"ListItem","position":2,"name":"News"}]},{"@type":"WebSite","@id":"https:\/\/www.weingutglatzer.at\/de\/#website","url":"https:\/\/www.weingutglatzer.at\/de\/","name":"Weingut Glatzer","description":"Carnuntum","potentialAction":[{"@type":"SearchAction","target":{"@type":"EntryPoint","urlTemplate":"https:\/\/www.weingutglatzer.at\/de\/?s={search_term_string}"},"query-input":{"@type":"PropertyValueSpecification","valueRequired":true,"valueName":"search_term_string"}}],"inLanguage":"de"}]}},"_links":{"self":[{"href":"https:\/\/www.weingutglatzer.at\/de\/wp-json\/wp\/v2\/pages\/1794","targetHints":{"allow":["GET"]}}],"collection":[{"href":"https:\/\/www.weingutglatzer.at\/de\/wp-json\/wp\/v2\/pages"}],"about":[{"href":"https:\/\/www.weingutglatzer.at\/de\/wp-json\/wp\/v2\/types\/page"}],"author":[{"embeddable":true,"href":"https:\/\/www.weingutglatzer.at\/de\/wp-json\/wp\/v2\/users\/4"}],"replies":[{"embeddable":true,"href":"https:\/\/www.weingutglatzer.at\/de\/wp-json\/wp\/v2\/comments?post=1794"}],"version-history":[{"count":180,"href":"https:\/\/www.weingutglatzer.at\/de\/wp-json\/wp\/v2\/pages\/1794\/revisions"}],"predecessor-version":[{"id":12941,"href":"https:\/\/www.weingutglatzer.at\/de\/wp-json\/wp\/v2\/pages\/1794\/revisions\/12941"}],"wp:attachment":[{"href":"https:\/\/www.weingutglatzer.at\/de\/wp-json\/wp\/v2\/media?parent=1794"}],"curies":[{"name":"wp","href":"https:\/\/api.w.org\/{rel}","templated":true}]}}